{"id":19072,"date":"2026-01-22T20:49:41","date_gmt":"2026-01-22T18:49:41","guid":{"rendered":"https:\/\/mekulo.com\/dk\/produkt\/hoejelastisk-taljebeskytter-til-vinterbrug-2-stk\/"},"modified":"2026-02-03T17:18:10","modified_gmt":"2026-02-03T15:18:10","slug":"hoejelastisk-taljebeskytter-til-vinterbrug-2-stk","status":"publish","type":"product","link":"https:\/\/mekulo.com\/dk\/produkt\/hoejelastisk-taljebeskytter-til-vinterbrug-2-stk\/","title":{"rendered":"H\u00f8jelastisk taljebeskytter til vinterbrug (2 stk.)"},"content":{"rendered":"<div class=\"flex flex-col text-sm pb-25\">\n<article class=\"text-token-text-primary w-full focus:outline-none [--shadow-height:45px] has-data-writing-block:pointer-events-none has-data-writing-block:-mt-(--shadow-height) has-data-writing-block:pt-(--shadow-height) [&amp;:has([data-writing-block])&gt;*]:pointer-events-auto scroll-mt-[calc(var(--header-height)+min(200px,max(70px,20svh)))]\" dir=\"auto\" data-turn-id=\"request-6967c1f1-7850-8327-b867-fefbba98715c-0\" data-testid=\"conversation-turn-92\" data-scroll-anchor=\"true\" data-turn=\"assistant\">\n<div class=\"text-base my-auto mx-auto pb-10 [--thread-content-margin:--spacing(4)] @w-sm\/main:[--thread-content-margin:--spacing(6)] @w-lg\/main:[--thread-content-margin:--spacing(16)] px-(--thread-content-margin)\">\n<div class=\"[--thread-content-max-width:40rem] @w-lg\/main:[--thread-content-max-width:48rem] mx-auto max-w-(--thread-content-max-width) flex-1 group\/turn-messages focus-visible:outline-hidden relative flex w-full min-w-0 flex-col agent-turn\">\n<div class=\"flex max-w-full flex-col grow\">\n<div class=\"min-h-8 text-message relative flex w-full flex-col items-end gap-2 text-start break-words whitespace-normal [.text-message+&amp;]:mt-1\" dir=\"auto\" data-message-author-role=\"assistant\" data-message-id=\"13e850c6-7bc9-4520-9964-6059b6da161a\" data-message-model-slug=\"gpt-5-2\">\n<div class=\"flex w-full flex-col gap-1 empty:hidden first:pt-[1px]\">\n<div class=\"markdown prose dark:prose-invert w-full break-words light markdown-new-styling\">\n<p style=\"text-align: center;\" data-start=\"0\" data-end=\"72\"><strong data-start=\"0\" data-end=\"72\">Hold Din Talje Og Nedre Del Af Ryggen Varm Og St\u00f8ttet Hele Dagen Om Vinteren. \ud83d\udd25<\/strong><\/p>\n<p data-start=\"0\" data-end=\"72\"><img fetchpriority=\"high\" decoding=\"async\" class=\"size-full wp-image-21275 aligncenter\" src=\"https:\/\/mekulo.com\/template\/wp-content\/uploads\/sites\/6\/2026\/01\/spp_20241015165820_813efb6fb9b425ff8f4f83051be980df.png\" alt=\"\" width=\"709\" height=\"558\" \/><\/p>\n<h2 style=\"text-align: center;\" data-start=\"339\" data-end=\"359\">Vigtigste fordele \u2744\ufe0f<\/h2>\n<p data-start=\"362\" data-end=\"431\">\ud83d\udd25 Langvarig varme &#8211; Hj\u00e6lper med at holde dig varm i op til 24 timer.<\/p>\n<p data-start=\"434\" data-end=\"505\">\ud83e\udd38 Stof med h\u00f8j str\u00e6kning &#8211; Bev\u00e6ger sig med din krop uden begr\u00e6nsning.<\/p>\n<p data-start=\"508\" data-end=\"578\">\ud83c\udf2c\ufe0f \u00c5ndbar &amp; fugttransporterende &#8211; Komfortabel til brug hele dagen.<\/p>\n<p data-start=\"581\" data-end=\"650\">\ud83c\udf3f Mugwort dot valgmulighed &#8211; Giver beroligende varme og afslapning.<\/p>\n<p data-start=\"653\" data-end=\"716\">\ud83d\udc57 Slank &amp; diskret design &#8211; Let at b\u00e6re under ethvert outfit.<\/p>\n<p data-start=\"719\" data-end=\"775\">\ud83e\uddfc Let at pleje &#8211; kan maskinvaskes og er slidst\u00e6rk.<\/p>\n<p data-start=\"719\" data-end=\"775\"><img decoding=\"async\" class=\"size-full wp-image-21281 aligncenter\" src=\"https:\/\/mekulo.com\/template\/wp-content\/uploads\/sites\/6\/2026\/01\/Screenshot-2026-01-19-200053.png\" alt=\"\" width=\"943\" height=\"524\" \/><\/p>\n<h2 style=\"text-align: center;\" data-start=\"782\" data-end=\"796\">Brug \ud83d\udccc<\/h2>\n<ol data-start=\"797\" data-end=\"1042\">\n<li data-start=\"797\" data-end=\"859\">\n<p data-start=\"800\" data-end=\"859\">S\u00e6t taljebeskytteren rundt om taljen eller l\u00e6nden.<\/p>\n<\/li>\n<li data-start=\"860\" data-end=\"906\">\n<p data-start=\"863\" data-end=\"906\">Juster den, s\u00e5 den sidder t\u00e6t og behageligt.<\/p>\n<\/li>\n<li data-start=\"907\" data-end=\"953\">\n<p data-start=\"910\" data-end=\"953\">Brug den under eller over t\u00f8jet efter behov.<\/p>\n<\/li>\n<li data-start=\"954\" data-end=\"1005\">\n<p data-start=\"957\" data-end=\"1005\">Brug den hele dagen for at f\u00e5 varme og komfort.<\/p>\n<\/li>\n<li data-start=\"1006\" data-end=\"1042\">\n<p data-start=\"1009\" data-end=\"1042\">Tag den af og vask den, n\u00e5r det er n\u00f8dvendigt.<\/p>\n<\/li>\n<\/ol>\n<h2 style=\"text-align: center;\" data-start=\"1049\" data-end=\"1068\">Produktoplysninger \ud83d\udccf<\/h2>\n<ul data-start=\"1069\" data-end=\"1366\">\n<li data-start=\"1123\" data-end=\"1166\">\n<p data-start=\"1125\" data-end=\"1166\">Materiale: Syntetisk fl\u00f8jl af h\u00f8j kvalitet<\/p>\n<\/li>\n<li data-start=\"1167\" data-end=\"1214\">\n<p data-start=\"1169\" data-end=\"1214\">Stilmuligheder: Med mugwort-prikker eller almindelig<\/p>\n<\/li>\n<li data-start=\"1261\" data-end=\"1290\">\n<p data-start=\"1263\" data-end=\"1290\">Design: Elastisk, slank pasform<\/p>\n<\/li>\n<li data-start=\"1291\" data-end=\"1339\">\n<p data-start=\"1293\" data-end=\"1339\">Brug: Varme til talje, l\u00e6nd og mave<\/p>\n<\/li>\n<li data-start=\"1340\" data-end=\"1366\">\n<p data-start=\"1342\" data-end=\"1366\">Pleje: Kan vaskes i maskine<\/p>\n<\/li>\n<li data-start=\"1340\" data-end=\"1366\">St\u00f8rrelser: M (20 x 25 cm), L (23 x 25 cm), XL (27 x 25 cm), XXL (30 x 25 cm)<\/li>\n<\/ul>\n<h2 style=\"text-align: center;\" data-start=\"1373\" data-end=\"1393\">Pakken indeholder \ud83d\udce6<\/h2>\n<ul data-start=\"1394\" data-end=\"1438\" data-is-last-node=\"\" data-is-only-node=\"\">\n<li data-start=\"1394\" data-end=\"1438\" data-is-last-node=\"\">\n<p data-start=\"1396\" data-end=\"1438\" data-is-last-node=\"\">2x vinter taljebeskyttere med h\u00f8j stretch.<\/p>\n<\/li>\n<\/ul>\n<\/div>\n<\/div>\n<\/div>\n<\/div>\n<\/div>\n<\/div>\n<\/article>\n<\/div>\n","protected":false},"excerpt":{"rendered":"<p>\ud83d\udd25Denne taljebeskytter med h\u00f8j stretch giver blid varme og fleksibel st\u00f8tte til din talje, l\u00e6nd og mave.<br \/>\n\ud83e\udd38Lavet af bl\u00f8dt, elastisk fl\u00f8jl, der passer komfortabelt under t\u00f8jet og hj\u00e6lper med at lindre koldt ubehag under daglige aktiviteter eller hvile.<br \/>\n\u2744\ufe0fDette g\u00f8r den ideel til at holde varmen hjemme, udend\u00f8rs eller i l\u00f8bet af lange vinterdage.<\/p>\n","protected":false},"featured_media":19068,"comment_status":"open","ping_status":"closed","template":"","meta":{"site-sidebar-layout":"default","site-content-layout":"","ast-site-content-layout":"default","site-content-style":"default","site-sidebar-style":"default","ast-global-header-display":"","ast-banner-title-visibility":"","ast-main-header-display":"","ast-hfb-above-header-display":"","ast-hfb-below-header-display":"","ast-hfb-mobile-header-display":"","site-post-title":"","ast-breadcrumbs-content":"","ast-featured-img":"","footer-sml-layout":"","ast-disable-related-posts":"","theme-transparent-header-meta":"default","adv-header-id-meta":"","stick-header-meta":"","header-above-stick-meta":"","header-main-stick-meta":"","header-below-stick-meta":"","astra-migrate-meta-layouts":"set","ast-page-background-enabled":"default","ast-page-background-meta":{"desktop":{"background-color":"var(--ast-global-color-5)","background-image":"","background-repeat":"repeat","background-position":"center center","background-size":"auto","background-attachment":"scroll","background-type":"","background-media":"","overlay-type":"","overlay-color":"","overlay-opacity":"","overlay-gradient":""},"tablet":{"background-color":"","background-image":"","background-repeat":"repeat","background-position":"center center","background-size":"auto","background-attachment":"scroll","background-type":"","background-media":"","overlay-type":"","overlay-color":"","overlay-opacity":"","overlay-gradient":""},"mobile":{"background-color":"","background-image":"","background-repeat":"repeat","background-position":"center center","background-size":"auto","background-attachment":"scroll","background-type":"","background-media":"","overlay-type":"","overlay-color":"","overlay-opacity":"","overlay-gradient":""}},"ast-content-background-meta":{"desktop":{"background-color":"var(--ast-global-color-4)","background-image":"","background-repeat":"repeat","background-position":"center center","background-size":"auto","background-attachment":"scroll","background-type":"","background-media":"","overlay-type":"","overlay-color":"","overlay-opacity":"","overlay-gradient":""},"tablet":{"background-color":"var(--ast-global-color-4)","background-image":"","background-repeat":"repeat","background-position":"center center","background-size":"auto","background-attachment":"scroll","background-type":"","background-media":"","overlay-type":"","overlay-color":"","overlay-opacity":"","overlay-gradient":""},"mobile":{"background-color":"var(--ast-global-color-4)","background-image":"","background-repeat":"repeat","background-position":"center center","background-size":"auto","background-attachment":"scroll","background-type":"","background-media":"","overlay-type":"","overlay-color":"","overlay-opacity":"","overlay-gradient":""}}},"product_brand":[],"product_cat":[166],"product_tag":[],"class_list":{"0":"post-19072","1":"product","2":"type-product","3":"status-publish","4":"has-post-thumbnail","6":"product_cat-sundhedsplejeforsyninger","7":"pa_50989_1pcojfvy-graa","8":"pa_50989_1pcojfvy-hudfarve","9":"pa_50989_1pcojfvy-lyseroed","10":"pa_50989_1pcojfvy-sort","11":"pa_50989_zhqprudn-l","12":"pa_50989_zhqprudn-m","13":"pa_50989_zhqprudn-xl","14":"pa_50989_zhqprudn-xxl","15":"desktop-align-left","16":"tablet-align-left","17":"mobile-align-left","19":"first","20":"instock","21":"shipping-taxable","22":"purchasable","23":"product-type-variable","24":"has-default-attributes"},"yoast_head":"<!-- This site is optimized with the Yoast SEO plugin v27.4 - https:\/\/yoast.com\/product\/yoast-seo-wordpress\/ -->\n<title>H\u00f8jelastisk taljebeskytter til vinterbrug (2 stk.) - Mekulo DK<\/title>\n<meta name=\"robots\" content=\"index, follow, max-snippet:-1, max-image-preview:large, max-video-preview:-1\" \/>\n<link rel=\"canonical\" href=\"https:\/\/mekulo.com\/dk\/produkt\/hoejelastisk-taljebeskytter-til-vinterbrug-2-stk\/\" \/>\n<meta property=\"og:locale\" content=\"da_DK\" \/>\n<meta property=\"og:type\" content=\"article\" \/>\n<meta property=\"og:title\" content=\"H\u00f8jelastisk taljebeskytter til vinterbrug (2 stk.) - Mekulo DK\" \/>\n<meta property=\"og:description\" content=\"\ud83d\udd25Denne taljebeskytter med h\u00f8j stretch giver blid varme og fleksibel st\u00f8tte til din talje, l\u00e6nd og mave. \ud83e\udd38Lavet af bl\u00f8dt, elastisk fl\u00f8jl, der passer komfortabelt under t\u00f8jet og hj\u00e6lper med at lindre koldt ubehag under daglige aktiviteter eller hvile. \u2744\ufe0fDette g\u00f8r den ideel til at holde varmen hjemme, udend\u00f8rs eller i l\u00f8bet af lange vinterdage.\" \/>\n<meta property=\"og:url\" content=\"https:\/\/mekulo.com\/dk\/produkt\/hoejelastisk-taljebeskytter-til-vinterbrug-2-stk\/\" \/>\n<meta property=\"og:site_name\" content=\"Mekulo DK\" \/>\n<meta property=\"article:modified_time\" content=\"2026-02-03T15:18:10+00:00\" \/>\n<meta property=\"og:image\" content=\"https:\/\/mekulo.com\/dk\/wp-content\/uploads\/sites\/12\/2026\/01\/rf2483e-1.webp\" \/>\n\t<meta property=\"og:image:width\" content=\"713\" \/>\n\t<meta property=\"og:image:height\" content=\"713\" \/>\n\t<meta property=\"og:image:type\" content=\"image\/webp\" \/>\n<meta name=\"twitter:card\" content=\"summary_large_image\" \/>\n<meta name=\"twitter:label1\" content=\"Estimeret l\u00e6setid\" \/>\n\t<meta name=\"twitter:data1\" content=\"2 minutter\" \/>\n<script type=\"application\/ld+json\" class=\"yoast-schema-graph\">{\"@context\":\"https:\\\/\\\/schema.org\",\"@graph\":[{\"@type\":\"WebPage\",\"@id\":\"https:\\\/\\\/mekulo.com\\\/dk\\\/produkt\\\/hoejelastisk-taljebeskytter-til-vinterbrug-2-stk\\\/\",\"url\":\"https:\\\/\\\/mekulo.com\\\/dk\\\/produkt\\\/hoejelastisk-taljebeskytter-til-vinterbrug-2-stk\\\/\",\"name\":\"H\u00f8jelastisk taljebeskytter til vinterbrug (2 stk.) - Mekulo DK\",\"isPartOf\":{\"@id\":\"https:\\\/\\\/mekulo.com\\\/dk\\\/#website\"},\"primaryImageOfPage\":{\"@id\":\"https:\\\/\\\/mekulo.com\\\/dk\\\/produkt\\\/hoejelastisk-taljebeskytter-til-vinterbrug-2-stk\\\/#primaryimage\"},\"image\":{\"@id\":\"https:\\\/\\\/mekulo.com\\\/dk\\\/produkt\\\/hoejelastisk-taljebeskytter-til-vinterbrug-2-stk\\\/#primaryimage\"},\"thumbnailUrl\":\"https:\\\/\\\/mekulo.com\\\/dk\\\/wp-content\\\/uploads\\\/sites\\\/12\\\/2026\\\/01\\\/rf2483e-1.webp\",\"datePublished\":\"2026-01-22T18:49:41+00:00\",\"dateModified\":\"2026-02-03T15:18:10+00:00\",\"breadcrumb\":{\"@id\":\"https:\\\/\\\/mekulo.com\\\/dk\\\/produkt\\\/hoejelastisk-taljebeskytter-til-vinterbrug-2-stk\\\/#breadcrumb\"},\"inLanguage\":\"da-DK\",\"potentialAction\":[{\"@type\":\"ReadAction\",\"target\":[\"https:\\\/\\\/mekulo.com\\\/dk\\\/produkt\\\/hoejelastisk-taljebeskytter-til-vinterbrug-2-stk\\\/\"]}]},{\"@type\":\"ImageObject\",\"inLanguage\":\"da-DK\",\"@id\":\"https:\\\/\\\/mekulo.com\\\/dk\\\/produkt\\\/hoejelastisk-taljebeskytter-til-vinterbrug-2-stk\\\/#primaryimage\",\"url\":\"https:\\\/\\\/mekulo.com\\\/dk\\\/wp-content\\\/uploads\\\/sites\\\/12\\\/2026\\\/01\\\/rf2483e-1.webp\",\"contentUrl\":\"https:\\\/\\\/mekulo.com\\\/dk\\\/wp-content\\\/uploads\\\/sites\\\/12\\\/2026\\\/01\\\/rf2483e-1.webp\",\"width\":713,\"height\":713},{\"@type\":\"BreadcrumbList\",\"@id\":\"https:\\\/\\\/mekulo.com\\\/dk\\\/produkt\\\/hoejelastisk-taljebeskytter-til-vinterbrug-2-stk\\\/#breadcrumb\",\"itemListElement\":[{\"@type\":\"ListItem\",\"position\":1,\"name\":\"Home\",\"item\":\"https:\\\/\\\/mekulo.com\\\/dk\\\/\"},{\"@type\":\"ListItem\",\"position\":2,\"name\":\"Butik\",\"item\":\"https:\\\/\\\/mekulo.com\\\/dk\\\/butik\\\/\"},{\"@type\":\"ListItem\",\"position\":3,\"name\":\"H\u00f8jelastisk taljebeskytter til vinterbrug (2 stk.)\"}]},{\"@type\":\"WebSite\",\"@id\":\"https:\\\/\\\/mekulo.com\\\/dk\\\/#website\",\"url\":\"https:\\\/\\\/mekulo.com\\\/dk\\\/\",\"name\":\"Mekulo DK\",\"description\":\"\",\"publisher\":{\"@id\":\"https:\\\/\\\/mekulo.com\\\/dk\\\/#organization\"},\"potentialAction\":[{\"@type\":\"SearchAction\",\"target\":{\"@type\":\"EntryPoint\",\"urlTemplate\":\"https:\\\/\\\/mekulo.com\\\/dk\\\/?s={search_term_string}\"},\"query-input\":{\"@type\":\"PropertyValueSpecification\",\"valueRequired\":true,\"valueName\":\"search_term_string\"}}],\"inLanguage\":\"da-DK\"},{\"@type\":\"Organization\",\"@id\":\"https:\\\/\\\/mekulo.com\\\/dk\\\/#organization\",\"name\":\"Mekulo\",\"url\":\"https:\\\/\\\/mekulo.com\\\/dk\\\/\",\"logo\":{\"@type\":\"ImageObject\",\"inLanguage\":\"da-DK\",\"@id\":\"https:\\\/\\\/mekulo.com\\\/dk\\\/#\\\/schema\\\/logo\\\/image\\\/\",\"url\":\"https:\\\/\\\/mekulo.com\\\/dk\\\/wp-content\\\/uploads\\\/sites\\\/12\\\/2025\\\/12\\\/favicon_mekulo.png\",\"contentUrl\":\"https:\\\/\\\/mekulo.com\\\/dk\\\/wp-content\\\/uploads\\\/sites\\\/12\\\/2025\\\/12\\\/favicon_mekulo.png\",\"width\":50,\"height\":50,\"caption\":\"Mekulo\"},\"image\":{\"@id\":\"https:\\\/\\\/mekulo.com\\\/dk\\\/#\\\/schema\\\/logo\\\/image\\\/\"}}]}<\/script>\n<!-- \/ Yoast SEO plugin. -->","yoast_head_json":{"title":"H\u00f8jelastisk taljebeskytter til vinterbrug (2 stk.) - Mekulo DK","robots":{"index":"index","follow":"follow","max-snippet":"max-snippet:-1","max-image-preview":"max-image-preview:large","max-video-preview":"max-video-preview:-1"},"canonical":"https:\/\/mekulo.com\/dk\/produkt\/hoejelastisk-taljebeskytter-til-vinterbrug-2-stk\/","og_locale":"da_DK","og_type":"article","og_title":"H\u00f8jelastisk taljebeskytter til vinterbrug (2 stk.) - Mekulo DK","og_description":"\ud83d\udd25Denne taljebeskytter med h\u00f8j stretch giver blid varme og fleksibel st\u00f8tte til din talje, l\u00e6nd og mave. \ud83e\udd38Lavet af bl\u00f8dt, elastisk fl\u00f8jl, der passer komfortabelt under t\u00f8jet og hj\u00e6lper med at lindre koldt ubehag under daglige aktiviteter eller hvile. \u2744\ufe0fDette g\u00f8r den ideel til at holde varmen hjemme, udend\u00f8rs eller i l\u00f8bet af lange vinterdage.","og_url":"https:\/\/mekulo.com\/dk\/produkt\/hoejelastisk-taljebeskytter-til-vinterbrug-2-stk\/","og_site_name":"Mekulo DK","article_modified_time":"2026-02-03T15:18:10+00:00","og_image":[{"width":713,"height":713,"url":"https:\/\/mekulo.com\/dk\/wp-content\/uploads\/sites\/12\/2026\/01\/rf2483e-1.webp","type":"image\/webp"}],"twitter_card":"summary_large_image","twitter_misc":{"Estimeret l\u00e6setid":"2 minutter"},"schema":{"@context":"https:\/\/schema.org","@graph":[{"@type":"WebPage","@id":"https:\/\/mekulo.com\/dk\/produkt\/hoejelastisk-taljebeskytter-til-vinterbrug-2-stk\/","url":"https:\/\/mekulo.com\/dk\/produkt\/hoejelastisk-taljebeskytter-til-vinterbrug-2-stk\/","name":"H\u00f8jelastisk taljebeskytter til vinterbrug (2 stk.) - Mekulo DK","isPartOf":{"@id":"https:\/\/mekulo.com\/dk\/#website"},"primaryImageOfPage":{"@id":"https:\/\/mekulo.com\/dk\/produkt\/hoejelastisk-taljebeskytter-til-vinterbrug-2-stk\/#primaryimage"},"image":{"@id":"https:\/\/mekulo.com\/dk\/produkt\/hoejelastisk-taljebeskytter-til-vinterbrug-2-stk\/#primaryimage"},"thumbnailUrl":"https:\/\/mekulo.com\/dk\/wp-content\/uploads\/sites\/12\/2026\/01\/rf2483e-1.webp","datePublished":"2026-01-22T18:49:41+00:00","dateModified":"2026-02-03T15:18:10+00:00","breadcrumb":{"@id":"https:\/\/mekulo.com\/dk\/produkt\/hoejelastisk-taljebeskytter-til-vinterbrug-2-stk\/#breadcrumb"},"inLanguage":"da-DK","potentialAction":[{"@type":"ReadAction","target":["https:\/\/mekulo.com\/dk\/produkt\/hoejelastisk-taljebeskytter-til-vinterbrug-2-stk\/"]}]},{"@type":"ImageObject","inLanguage":"da-DK","@id":"https:\/\/mekulo.com\/dk\/produkt\/hoejelastisk-taljebeskytter-til-vinterbrug-2-stk\/#primaryimage","url":"https:\/\/mekulo.com\/dk\/wp-content\/uploads\/sites\/12\/2026\/01\/rf2483e-1.webp","contentUrl":"https:\/\/mekulo.com\/dk\/wp-content\/uploads\/sites\/12\/2026\/01\/rf2483e-1.webp","width":713,"height":713},{"@type":"BreadcrumbList","@id":"https:\/\/mekulo.com\/dk\/produkt\/hoejelastisk-taljebeskytter-til-vinterbrug-2-stk\/#breadcrumb","itemListElement":[{"@type":"ListItem","position":1,"name":"Home","item":"https:\/\/mekulo.com\/dk\/"},{"@type":"ListItem","position":2,"name":"Butik","item":"https:\/\/mekulo.com\/dk\/butik\/"},{"@type":"ListItem","position":3,"name":"H\u00f8jelastisk taljebeskytter til vinterbrug (2 stk.)"}]},{"@type":"WebSite","@id":"https:\/\/mekulo.com\/dk\/#website","url":"https:\/\/mekulo.com\/dk\/","name":"Mekulo DK","description":"","publisher":{"@id":"https:\/\/mekulo.com\/dk\/#organization"},"potentialAction":[{"@type":"SearchAction","target":{"@type":"EntryPoint","urlTemplate":"https:\/\/mekulo.com\/dk\/?s={search_term_string}"},"query-input":{"@type":"PropertyValueSpecification","valueRequired":true,"valueName":"search_term_string"}}],"inLanguage":"da-DK"},{"@type":"Organization","@id":"https:\/\/mekulo.com\/dk\/#organization","name":"Mekulo","url":"https:\/\/mekulo.com\/dk\/","logo":{"@type":"ImageObject","inLanguage":"da-DK","@id":"https:\/\/mekulo.com\/dk\/#\/schema\/logo\/image\/","url":"https:\/\/mekulo.com\/dk\/wp-content\/uploads\/sites\/12\/2025\/12\/favicon_mekulo.png","contentUrl":"https:\/\/mekulo.com\/dk\/wp-content\/uploads\/sites\/12\/2025\/12\/favicon_mekulo.png","width":50,"height":50,"caption":"Mekulo"},"image":{"@id":"https:\/\/mekulo.com\/dk\/#\/schema\/logo\/image\/"}}]}},"_links":{"self":[{"href":"https:\/\/mekulo.com\/dk\/wp-json\/wp\/v2\/product\/19072","targetHints":{"allow":["GET"]}}],"collection":[{"href":"https:\/\/mekulo.com\/dk\/wp-json\/wp\/v2\/product"}],"about":[{"href":"https:\/\/mekulo.com\/dk\/wp-json\/wp\/v2\/types\/product"}],"replies":[{"embeddable":true,"href":"https:\/\/mekulo.com\/dk\/wp-json\/wp\/v2\/comments?post=19072"}],"wp:featuredmedia":[{"embeddable":true,"href":"https:\/\/mekulo.com\/dk\/wp-json\/wp\/v2\/media\/19068"}],"wp:attachment":[{"href":"https:\/\/mekulo.com\/dk\/wp-json\/wp\/v2\/media?parent=19072"}],"wp:term":[{"taxonomy":"product_brand","embeddable":true,"href":"https:\/\/mekulo.com\/dk\/wp-json\/wp\/v2\/product_brand?post=19072"},{"taxonomy":"product_cat","embeddable":true,"href":"https:\/\/mekulo.com\/dk\/wp-json\/wp\/v2\/product_cat?post=19072"},{"taxonomy":"product_tag","embeddable":true,"href":"https:\/\/mekulo.com\/dk\/wp-json\/wp\/v2\/product_tag?post=19072"}],"curies":[{"name":"wp","href":"https:\/\/api.w.org\/{rel}","templated":true}]}}